{"id":5436,"date":"2025-04-25T08:21:38","date_gmt":"2025-04-25T08:21:38","guid":{"rendered":"https:\/\/www.lgc-sa.ch\/?page_id=5436"},"modified":"2025-04-25T09:35:33","modified_gmt":"2025-04-25T09:35:33","slug":"skov-secco","status":"publish","type":"page","link":"https:\/\/www.lgc-sa.ch\/fr\/skov-secco\/","title":{"rendered":"Skov-Secco"},"content":{"rendered":"<h1>Nouveau dans la gamme LGC : ventilateurs SKOV-SECCO<\/h1>\n<div>\n<p>Notre partenaire\u00a0: SKOV-SECCO est expert des \u00e9tables de vaches laiti\u00e8res, avec plus de 40 ans d\u2019exp\u00e9rience dans la ventilation et la gestion des exploitations porcines et de volailles.<\/p>\n<p>Le stress thermique peut avoir de gros impacts sur les animaux\u00a0: production laiti\u00e8re, fertilit\u00e9, baisse d\u2019ingestion, modifications de la composition du lait, poids de naissance plus faible et qualit\u00e9 du colostrum diminu\u00e9e. <br \/>Afin d\u2019adapter vos \u00e9tables, nous vous proposons des solutions de ventilation multiples pour s\u2019adapter \u00e0 chacune de vos fermes.<\/p>\n<\/div>\n<h1>Le Basket Fan<\/h1>\n<div>\n<p>Ce ventilateur compacte est tr\u00e8s simple d\u2019utilisation\u00a0: 4 vis pour le fixer, une prise \u00e0 brancher et votre \u00e9curie est a\u00e9r\u00e9e. Il est polyvalent et s\u2019adapte \u00e0 tous les b\u00e2timents d\u2019\u00e9levage.<\/p>\n<\/div>\n<p><img decoding=\"async\" src=\"\/wp-content\/uploads\/2025\/04\/basket-fan-3-landscape-scaled.jpg\" alt=\"\"><\/p>\n<div>\n<p><strong>Caract\u00e9ristiques et avantages :<\/strong><\/p>\n<\/div>\n<ul>\n<li>\n<div>\n<ul>\n<li>Efficacit\u00e9 optimale gr\u00e2ce \u00e0 la conception du flux d&rsquo;air<\/li>\n<\/ul>\n<\/div>\n<\/li>\n<li>\n<div>\n<ul>\n<li>Adaptation du moteur et du pas de la turbine pour un d\u00e9bit d\u2019air maximal<\/li>\n<\/ul>\n<\/div>\n<\/li>\n<li>\n<div>\n<ul>\n<li>Base et protection enti\u00e8rement en acier inoxydable, les grilles sont con\u00e7ues pour \u00e9viter la corrosion<\/li>\n<\/ul>\n<\/div>\n<\/li>\n<li>\n<div>\n<ul>\n<li>Pales en nylon PA66 avec renforcement en fibres<\/li>\n<\/ul>\n<\/div>\n<\/li>\n<li>\n<div>\n<ul>\n<li>Support de montage pivotant pour un montage multiple (plafond, poteau et mur)<\/li>\n<\/ul>\n<\/div>\n<\/li>\n<li>\n<div>\n<ul>\n<li>Certification CE et cCSAul<\/li>\n<\/ul>\n<\/div>\n<\/li>\n<\/ul>\n<h1>Le Boreal<\/h1>\n<div>\n<p>Ventilateur grand et efficace, puissant avec une consommation mod\u00e9r\u00e9e. Ce ventilateur de 140 cm est \u00e9quip\u00e9 d\u2019un moteur EC et d\u2019une h\u00e9lice \u00e0 entra\u00eenement direct, ce qui le rend \u00e9conome en \u00e9nergie et en entretien.\u00a0<\/p>\n<p>Avec son r\u00e9gulateur DOL 31, il adapte de fa\u00e7on autonome la vitesse de rotation et vous garantit une \u00e9curie bien ventil\u00e9e et fra\u00eeche.<\/p>\n<\/div>\n<div>\n<p><strong>Caract\u00e9ristiques et avantages\u00a0:<\/strong><\/p>\n<\/div>\n<ul>\n<li>\n<div>\n<ul>\n<li>Conception intelligente, grande efficacit\u00e9 et d\u00e9bit d\u2019air maximal<\/li>\n<\/ul>\n<\/div>\n<\/li>\n<li>\n<div>\n<ul>\n<li>Les ventilateurs ont une longue port\u00e9e, il y a besoin de peu de ventilateurs par \u00e9curie<\/li>\n<\/ul>\n<\/div>\n<\/li>\n<li>\n<div>\n<ul>\n<li>Tr\u00e8s robuste, l\u2019entretien est minimal<\/li>\n<\/ul>\n<\/div>\n<\/li>\n<li>\n<div>\n<ul>\n<li>Moins de bruit que les ventilateurs conventionnels \u00e0 six pales<\/li>\n<\/ul>\n<\/div>\n<\/li>\n<\/ul>\n<div>\n<p><strong>Boreal <\/strong><\/p>\n<\/div>\n<ul>\n<li>\n<div>\n<ul>\n<li>Rotor 140 cm<\/li>\n<\/ul>\n<\/div>\n<\/li>\n<li>\n<div>\n<ul>\n<li>Monteurs \u00e0 contr\u00f4le variable et faible consommation d\u2019\u00e9nergie<\/li>\n<\/ul>\n<\/div>\n<\/li>\n<li>\n<div>\n<ul>\n<li>H\u00e9lices \u00e0 entra\u00eenement direct \u2013 aucune courroie \u00e0 entretenir<\/li>\n<\/ul>\n<\/div>\n<\/li>\n<li>\n<div>\n<ul>\n<li>Class\u00e9s IE5 et IP 66<\/li>\n<\/ul>\n<\/div>\n<\/li>\n<li>\n<div>\n<ul>\n<li>Moteur 3 phases 50\/60 Hz<\/li>\n<\/ul>\n<\/div>\n<\/li>\n<li>\n<div>\n<ul>\n<li>Bo\u00eetier SMC, h\u00e9lice en nylon et mat\u00e9riaux prot\u00e9g\u00e9s contre les UV<\/li>\n<\/ul>\n<\/div>\n<\/li>\n<li>\n<div>\n<ul>\n<li>Montage facile sur cha\u00eene (ou sur support)<\/li>\n<\/ul>\n<\/div>\n<\/li>\n<li>\n<div>\n<ul>\n<li>Grilles de s\u00e9curit\u00e9 \u00e0 l\u2019entr\u00e9e et \u00e0 la sortie d&rsquo;air<\/li>\n<\/ul>\n<\/div>\n<\/li>\n<\/ul>\n<div>\n<p><strong>DOL 31<\/strong><\/p>\n<\/div>\n<ul>\n<li>\n<div>\n<ul>\n<li>Ajustement progressif de la vitesse de 10 % \u00e0 100 %<\/li>\n<\/ul>\n<\/div>\n<\/li>\n<li>\n<div>\n<ul>\n<li>Fonctionnement autonome sans r\u00e9gulateur de temp\u00e9rature complet<\/li>\n<\/ul>\n<\/div>\n<\/li>\n<li>\n<div>\n<ul>\n<li>Relais d\u2019alarme int\u00e9gr\u00e9 et relais de contr\u00f4le<\/li>\n<\/ul>\n<\/div>\n<\/li>\n<\/ul>\n<p><img decoding=\"async\" src=\"\/wp-content\/uploads\/2025\/04\/Boreal-Flow-Ferme-Lait-Gaudette-scaled.jpg\" alt=\"\"><\/p>\n<hr>\n<div>\n<p>Ces deux mod\u00e8les de ventilateurs sont disponibles en stock chez LGC SA. <br \/>L\u2019ensemble des autres syst\u00e8mes d\u2019a\u00e9ration est aussi disponible sur commande.<\/p>\n<\/div>\n<p>\n    <a href=\"https:\/\/www.lgc-sa.ch\/fr\/contact\/\">Contactez-nous<\/a>\n<\/p>\n<ul>\n<li>\n<p>        <img decoding=\"async\" src=\"\/wp-content\/uploads\/2025\/04\/Belgium-Boreal-2.jpg\" alt=\"\"><\/p>\n<h3>Boreal Belgique<\/h3>\n<\/li>\n<li>\n<p>        <img decoding=\"async\" src=\"\/wp-content\/uploads\/2025\/04\/IMG_0077-scaled.jpg\" alt=\"\"><\/p>\n<h3>Big Air<\/h3>\n<\/li>\n<li>\n<p>        <img decoding=\"async\" src=\"\/wp-content\/uploads\/2025\/04\/basket-fan-1-scaled.jpg\" alt=\"\"><\/p>\n<h3>Basket Fan<\/h3>\n<\/li>\n<li>\n<p>        <img decoding=\"async\" src=\"\/wp-content\/uploads\/2025\/04\/Boreal-Flow-Ferme-Lait-Gaudette-5-scaled.jpg\" alt=\"\"><\/p>\n<h3>Boreal &#8211; France<\/h3>\n<\/li>\n<li>\n<p>        <img decoding=\"async\" src=\"\/wp-content\/uploads\/2025\/04\/basket-fan-6-scaled.jpg\" alt=\"\"><\/p>\n<h3>Basket Fan<\/h3>\n<\/li>\n<li>\n<p>        <img decoding=\"async\" src=\"\/wp-content\/uploads\/2025\/04\/IMG_0095-scaled.jpg\" alt=\"\"><\/p>\n<h3>Isocell X Wall<\/h3>\n<\/li>\n<li>\n<p>        <img decoding=\"async\" src=\"\/wp-content\/uploads\/2025\/04\/basket-fan-7-jp-lacombe-scaled.jpg\" alt=\"\"><\/p>\n<h3>Basket Fan<\/h3>\n<\/li>\n<li>\n<p>        <img decoding=\"async\" src=\"\/wp-content\/uploads\/2025\/04\/KIJL7364-scaled.jpg\" alt=\"\"><\/p>\n<h3>Chemin\u00e9e<\/h3>\n<\/li>\n<li>\n<p>        <img decoding=\"async\" src=\"\/wp-content\/uploads\/2025\/04\/Belgium-Boreal-1.jpg\" alt=\"\"><\/p>\n<h3>Boreal Belgique<\/h3>\n<\/li>\n<\/ul>\n<p><!--more--><br \/>\n<!-- {\"type\":\"layout\",\"children\":[{\"type\":\"section\",\"props\":{\"image_position\":\"center-center\",\"style\":\"default\",\"title_breakpoint\":\"xl\",\"title_position\":\"top-left\",\"title_rotation\":\"left\",\"vertical_align\":\"middle\",\"width\":\"default\"},\"children\":[{\"type\":\"row\",\"children\":[{\"type\":\"column\",\"props\":{\"image_position\":\"center-center\",\"position_sticky_breakpoint\":\"m\"},\"children\":[{\"type\":\"headline\",\"props\":{\"content\":\"Nouveau dans la gamme LGC : ventilateurs SKOV-SECCO\",\"title_element\":\"h1\"}},{\"type\":\"text\",\"props\":{\"column_breakpoint\":\"m\",\"content\":\"\n\n<p>Notre partenaire\\u00a0: SKOV-SECCO est expert des \\u00e9tables de vaches laiti\\u00e8res, avec plus de 40 ans d\\u2019exp\\u00e9rience dans la ventilation et la gestion des exploitations porcines et de volailles.<\\\/p>\\n\n\n<p>Le stress thermique peut avoir de gros impacts sur les animaux\\u00a0: production laiti\\u00e8re, fertilit\\u00e9, baisse d\\u2019ingestion, modifications de la composition du lait, poids de naissance plus faible et qualit\\u00e9 du colostrum diminu\\u00e9e. <br \\\/>Afin d\\u2019adapter vos \\u00e9tables, nous vous proposons des solutions de ventilation multiples pour s\\u2019adapter \\u00e0 chacune de vos fermes.<\\\/p>\",\"margin\":\"default\"}}]}]}]},{\"type\":\"section\",\"props\":{\"image_position\":\"center-center\",\"style\":\"default\",\"title_breakpoint\":\"xl\",\"title_position\":\"top-left\",\"title_rotation\":\"left\",\"vertical_align\":\"middle\",\"width\":\"default\"},\"children\":[{\"type\":\"row\",\"children\":[{\"type\":\"column\",\"props\":{\"image_position\":\"center-center\",\"position_sticky_breakpoint\":\"m\"},\"children\":[{\"type\":\"headline\",\"props\":{\"content\":\"Le Basket Fan\",\"title_element\":\"h1\",\"title_style\":\"h4\"}},{\"type\":\"text\",\"props\":{\"column_breakpoint\":\"m\",\"content\":\"\n\n<p>Ce ventilateur compacte est tr\\u00e8s simple d\\u2019utilisation\\u00a0: 4 vis pour le fixer, une prise \\u00e0 brancher et votre \\u00e9curie est a\\u00e9r\\u00e9e. Il est polyvalent et s\\u2019adapte \\u00e0 tous les b\\u00e2timents d\\u2019\\u00e9levage.<\\\/p>\",\"margin\":\"default\"}}]}]},{\"type\":\"row\",\"props\":{\"layout\":\"1-2,1-2\"},\"children\":[{\"type\":\"column\",\"props\":{\"image_position\":\"center-center\",\"position_sticky_breakpoint\":\"m\",\"width_medium\":\"1-2\"},\"children\":[{\"type\":\"image\",\"props\":{\"image\":\"wp-content\\\/uploads\\\/2025\\\/04\\\/basket-fan-3-landscape-scaled.jpg\",\"image_svg_color\":\"emphasis\",\"margin\":\"default\"}}]},{\"type\":\"column\",\"props\":{\"image_position\":\"center-center\",\"position_sticky_breakpoint\":\"m\",\"width_medium\":\"1-2\"},\"children\":[{\"type\":\"text\",\"props\":{\"column_breakpoint\":\"m\",\"content\":\"\n\n<p><strong>Caract\\u00e9ristiques et avantages :<\\\/strong><\\\/p>\",\"margin\":\"default\"}},{\"type\":\"list\",\"props\":{\"column_breakpoint\":\"m\",\"image_align\":\"left\",\"image_svg_color\":\"emphasis\",\"image_vertical_align\":true,\"list_element\":\"ul\",\"list_horizontal_separator\":\", \",\"list_type\":\"vertical\",\"show_image\":true,\"show_link\":true},\"children\":[{\"type\":\"list_item\",\"props\":{\"content\":\"\n\n<ul>\\n\n\n<li>Efficacit\\u00e9 optimale gr\\u00e2ce \\u00e0 la conception du flux d'air<\\\/li>\\n<\\\/ul>\"}},{\"type\":\"list_item\",\"props\":{\"content\":\"\n\n<ul>\\n\n\n<li>Adaptation du moteur et du pas de la turbine pour un d\\u00e9bit d\\u2019air maximal<\\\/li>\\n<\\\/ul>\"}},{\"type\":\"list_item\",\"props\":{\"content\":\"\n\n<ul>\\n\n\n<li>Base et protection enti\\u00e8rement en acier inoxydable, les grilles sont con\\u00e7ues pour \\u00e9viter la corrosion<\\\/li>\\n<\\\/ul>\"}},{\"type\":\"list_item\",\"props\":{\"content\":\"\n\n<ul>\\n\n\n<li>Pales en nylon PA66 avec renforcement en fibres<\\\/li>\\n<\\\/ul>\"}},{\"type\":\"list_item\",\"props\":{\"content\":\"\n\n<ul>\\n\n\n<li>Support de montage pivotant pour un montage multiple (plafond, poteau et mur)<\\\/li>\\n<\\\/ul>\"}},{\"type\":\"list_item\",\"props\":{\"content\":\"\n\n<ul>\\n\n\n<li>Certification CE et cCSAul<\\\/li>\\n<\\\/ul>\"}}]}]}]}]},{\"type\":\"section\",\"props\":{\"image_position\":\"center-center\",\"style\":\"default\",\"title_breakpoint\":\"xl\",\"title_position\":\"top-left\",\"title_rotation\":\"left\",\"vertical_align\":\"middle\",\"width\":\"default\"},\"children\":[{\"type\":\"row\",\"children\":[{\"type\":\"column\",\"props\":{\"image_position\":\"center-center\",\"position_sticky_breakpoint\":\"m\"},\"children\":[{\"type\":\"headline\",\"props\":{\"content\":\"Le Boreal\",\"title_element\":\"h1\",\"title_style\":\"h4\"}},{\"type\":\"text\",\"props\":{\"column_breakpoint\":\"m\",\"content\":\"\n\n<p>Ventilateur grand et efficace, puissant avec une consommation mod\\u00e9r\\u00e9e. Ce ventilateur de 140 cm est \\u00e9quip\\u00e9 d\\u2019un moteur EC et d\\u2019une h\\u00e9lice \\u00e0 entra\\u00eenement direct, ce qui le rend \\u00e9conome en \\u00e9nergie et en entretien.\\u00a0<\\\/p>\\n\n\n<p>Avec son r\\u00e9gulateur DOL 31, il adapte de fa\\u00e7on autonome la vitesse de rotation et vous garantit une \\u00e9curie bien ventil\\u00e9e et fra\\u00eeche.<\\\/p>\",\"margin\":\"default\"}}]}]},{\"type\":\"row\",\"children\":[{\"type\":\"column\",\"props\":{\"image_position\":\"center-center\",\"position_sticky_breakpoint\":\"m\"},\"children\":[{\"type\":\"text\",\"props\":{\"column_breakpoint\":\"m\",\"content\":\"\n\n<p><strong>Caract\\u00e9ristiques et avantages\\u00a0:<\\\/strong><\\\/p>\",\"margin\":\"default\"}},{\"type\":\"list\",\"props\":{\"column_breakpoint\":\"m\",\"image_align\":\"left\",\"image_svg_color\":\"emphasis\",\"image_vertical_align\":true,\"list_element\":\"ul\",\"list_horizontal_separator\":\", \",\"list_type\":\"vertical\",\"show_image\":true,\"show_link\":true},\"children\":[{\"type\":\"list_item\",\"props\":{\"content\":\"\n\n<ul>\\n\n\n<li>Conception intelligente, grande efficacit\\u00e9 et d\\u00e9bit d\\u2019air maximal<\\\/li>\\n<\\\/ul>\"}},{\"type\":\"list_item\",\"props\":{\"content\":\"\n\n<ul>\\n\n\n<li>Les ventilateurs ont une longue port\\u00e9e, il y a besoin de peu de ventilateurs par \\u00e9curie<\\\/li>\\n<\\\/ul>\"}},{\"type\":\"list_item\",\"props\":{\"content\":\"\n\n<ul>\\n\n\n<li>Tr\\u00e8s robuste, l\\u2019entretien est minimal<\\\/li>\\n<\\\/ul>\"}},{\"type\":\"list_item\",\"props\":{\"content\":\"\n\n<ul>\\n\n\n<li>Moins de bruit que les ventilateurs conventionnels \\u00e0 six pales<\\\/li>\\n<\\\/ul>\"}}]}]}]},{\"type\":\"row\",\"props\":{\"layout\":\"1-3,2-3\"},\"children\":[{\"type\":\"column\",\"props\":{\"image_position\":\"center-center\",\"position_sticky_breakpoint\":\"m\",\"width_medium\":\"1-3\"},\"children\":[{\"type\":\"text\",\"props\":{\"column_breakpoint\":\"m\",\"content\":\"\n\n<p><strong>Boreal <\\\/strong><\\\/p>\",\"margin\":\"default\"}},{\"type\":\"list\",\"props\":{\"column_breakpoint\":\"m\",\"image_align\":\"left\",\"image_svg_color\":\"emphasis\",\"image_vertical_align\":true,\"list_element\":\"ul\",\"list_horizontal_separator\":\", \",\"list_type\":\"vertical\",\"show_image\":true,\"show_link\":true},\"children\":[{\"type\":\"list_item\",\"props\":{\"content\":\"\n\n<ul>\\n\n\n<li>Rotor 140 cm<\\\/li>\\n<\\\/ul>\"}},{\"type\":\"list_item\",\"props\":{\"content\":\"\n\n<ul>\\n\n\n<li>Monteurs \\u00e0 contr\\u00f4le variable et faible consommation d\\u2019\\u00e9nergie<\\\/li>\\n<\\\/ul>\"}},{\"type\":\"list_item\",\"props\":{\"content\":\"\n\n<ul>\\n\n\n<li>H\\u00e9lices \\u00e0 entra\\u00eenement direct \\u2013 aucune courroie \\u00e0 entretenir<\\\/li>\\n<\\\/ul>\"}},{\"type\":\"list_item\",\"props\":{\"content\":\"\n\n<ul>\\n\n\n<li>Class\\u00e9s IE5 et IP 66<\\\/li>\\n<\\\/ul>\"}},{\"type\":\"list_item\",\"props\":{\"content\":\"\n\n<ul>\\n\n\n<li>Moteur 3 phases 50\\\/60 Hz<\\\/li>\\n<\\\/ul>\"}},{\"type\":\"list_item\",\"props\":{\"content\":\"\n\n<ul>\\n\n\n<li>Bo\\u00eetier SMC, h\\u00e9lice en nylon et mat\\u00e9riaux prot\\u00e9g\\u00e9s contre les UV<\\\/li>\\n<\\\/ul>\"}},{\"type\":\"list_item\",\"props\":{\"content\":\"\n\n<ul>\\n\n\n<li>Montage facile sur cha\\u00eene (ou sur support)<\\\/li>\\n<\\\/ul>\"}},{\"type\":\"list_item\",\"props\":{\"content\":\"\n\n<ul>\\n\n\n<li>Grilles de s\\u00e9curit\\u00e9 \\u00e0 l\\u2019entr\\u00e9e et \\u00e0 la sortie d'air<\\\/li>\\n<\\\/ul>\"}}]},{\"type\":\"text\",\"props\":{\"column_breakpoint\":\"m\",\"content\":\"\n\n<p><strong>DOL 31<\\\/strong><\\\/p>\",\"margin\":\"default\"}},{\"type\":\"list\",\"props\":{\"column_breakpoint\":\"m\",\"image_align\":\"left\",\"image_svg_color\":\"emphasis\",\"image_vertical_align\":true,\"list_element\":\"ul\",\"list_horizontal_separator\":\", \",\"list_type\":\"vertical\",\"show_image\":true,\"show_link\":true},\"children\":[{\"type\":\"list_item\",\"props\":{\"content\":\"\n\n<ul>\\n\n\n<li>Ajustement progressif de la vitesse de 10 % \\u00e0 100 %<\\\/li>\\n<\\\/ul>\"}},{\"type\":\"list_item\",\"props\":{\"content\":\"\n\n<ul>\\n\n\n<li>Fonctionnement autonome sans r\\u00e9gulateur de temp\\u00e9rature complet<\\\/li>\\n<\\\/ul>\"}},{\"type\":\"list_item\",\"props\":{\"content\":\"\n\n<ul>\\n\n\n<li>Relais d\\u2019alarme int\\u00e9gr\\u00e9 et relais de contr\\u00f4le<\\\/li>\\n<\\\/ul>\"}}]}]},{\"type\":\"column\",\"props\":{\"image_position\":\"center-center\",\"position_sticky_breakpoint\":\"m\",\"width_medium\":\"2-3\"},\"children\":[{\"type\":\"image\",\"props\":{\"image\":\"wp-content\\\/uploads\\\/2025\\\/04\\\/Boreal-Flow-Ferme-Lait-Gaudette-scaled.jpg\",\"image_svg_color\":\"emphasis\",\"margin\":\"default\"}}]}]},{\"type\":\"row\",\"children\":[{\"type\":\"column\",\"props\":{\"image_position\":\"center-center\",\"position_sticky_breakpoint\":\"m\"},\"children\":[{\"type\":\"divider\",\"props\":{\"divider_element\":\"hr\"}}]}]},{\"type\":\"row\",\"children\":[{\"type\":\"column\",\"props\":{\"image_position\":\"center-center\",\"position_sticky_breakpoint\":\"m\"},\"children\":[{\"type\":\"text\",\"props\":{\"column_breakpoint\":\"m\",\"content\":\"\n\n<p>Ces deux mod\\u00e8les de ventilateurs sont disponibles en stock chez LGC SA. <br \\\/>L\\u2019ensemble des autres syst\\u00e8mes d\\u2019a\\u00e9ration est aussi disponible sur commande.<\\\/p>\",\"margin\":\"default\",\"text_align\":\"center\",\"text_style\":\"lead\"}},{\"type\":\"button\",\"props\":{\"block_align\":\"center\",\"grid_column_gap\":\"small\",\"grid_row_gap\":\"small\",\"margin\":\"default\",\"maxwidth\":\"medium\",\"text_align\":\"center\"},\"children\":[{\"type\":\"button_item\",\"props\":{\"button_style\":\"primary\",\"content\":\"Contactez-nous\",\"icon_align\":\"left\",\"link\":\"https:\\\/\\\/www.lgc-sa.ch\\\/fr\\\/contact\\\/\",\"link_target\":\"blank\"}}]}]}]}]},{\"type\":\"section\",\"props\":{\"image_position\":\"center-center\",\"style\":\"default\",\"title_breakpoint\":\"xl\",\"title_position\":\"top-left\",\"title_rotation\":\"left\",\"vertical_align\":\"middle\",\"width\":\"default\"},\"children\":[{\"type\":\"row\",\"children\":[{\"type\":\"column\",\"props\":{\"image_position\":\"center-center\",\"position_sticky_breakpoint\":\"m\"},\"children\":[{\"type\":\"gallery\",\"props\":{\"filter_align\":\"left\",\"filter_all\":true,\"filter_grid_breakpoint\":\"m\",\"filter_grid_width\":\"auto\",\"filter_position\":\"top\",\"filter_style\":\"tab\",\"grid_default\":\"1\",\"grid_medium\":\"3\",\"item_animation\":true,\"link_style\":\"default\",\"link_text\":\"Read more\",\"margin\":\"default\",\"meta_align\":\"below-title\",\"meta_element\":\"div\",\"meta_style\":\"text-meta\",\"overlay_hover\":true,\"overlay_mode\":\"cover\",\"overlay_position\":\"center\",\"overlay_style\":\"overlay-primary\",\"overlay_transition\":\"fade\",\"show_content\":true,\"show_hover_image\":true,\"show_hover_video\":true,\"show_link\":true,\"show_meta\":true,\"show_title\":true,\"text_align\":\"center\",\"text_color\":\"light\",\"title_element\":\"h3\",\"title_hover_style\":\"reset\"},\"children\":[{\"type\":\"gallery_item\",\"props\":{\"image\":\"wp-content\\\/uploads\\\/2025\\\/04\\\/Belgium-Boreal-2.jpg\",\"title\":\"Boreal Belgique\"}},{\"type\":\"gallery_item\",\"props\":{\"image\":\"wp-content\\\/uploads\\\/2025\\\/04\\\/IMG_0077-scaled.jpg\",\"title\":\"Big Air\"}},{\"type\":\"gallery_item\",\"props\":{\"image\":\"wp-content\\\/uploads\\\/2025\\\/04\\\/basket-fan-1-scaled.jpg\",\"title\":\"Basket Fan\"}},{\"type\":\"gallery_item\",\"props\":{\"image\":\"wp-content\\\/uploads\\\/2025\\\/04\\\/Boreal-Flow-Ferme-Lait-Gaudette-5-scaled.jpg\",\"title\":\"Boreal - France\"}},{\"type\":\"gallery_item\",\"props\":{\"image\":\"wp-content\\\/uploads\\\/2025\\\/04\\\/basket-fan-6-scaled.jpg\",\"title\":\"Basket Fan\"}},{\"type\":\"gallery_item\",\"props\":{\"image\":\"wp-content\\\/uploads\\\/2025\\\/04\\\/IMG_0095-scaled.jpg\",\"title\":\"Isocell X Wall\"}},{\"type\":\"gallery_item\",\"props\":{\"image\":\"wp-content\\\/uploads\\\/2025\\\/04\\\/basket-fan-7-jp-lacombe-scaled.jpg\",\"title\":\"Basket Fan\"}},{\"type\":\"gallery_item\",\"props\":{\"image\":\"wp-content\\\/uploads\\\/2025\\\/04\\\/KIJL7364-scaled.jpg\",\"title\":\"Chemin\\u00e9e\"}},{\"type\":\"gallery_item\",\"props\":{\"image\":\"wp-content\\\/uploads\\\/2025\\\/04\\\/Belgium-Boreal-1.jpg\",\"title\":\"Boreal Belgique\"}},{\"type\":\"gallery_item\",\"props\":{\"image\":\"wp-content\\\/uploads\\\/2025\\\/04\\\/Boreal-Flow-Ferme-Lait-Gaudette-4-scaled.jpg\",\"status\":\"disabled\",\"title\":\"Boreal - France\"}}]}]}]}]}],\"version\":\"4.4.9\"} --><\/p>\n","protected":false},"excerpt":{"rendered":"<p>Nouveau dans la gamme LGC : ventilateurs SKOV-SECCO Notre partenaire\u00a0: SKOV-SECCO est expert des \u00e9tables de vaches laiti\u00e8res, avec plus de 40 ans d\u2019exp\u00e9rience dans la ventilation et la gestion des exploitations porcines et de volailles. Le stress thermique peut avoir de gros impacts sur les animaux\u00a0: production laiti\u00e8re, fertilit\u00e9, baisse d\u2019ingestion, modifications de la [&hellip;]<\/p>\n","protected":false},"author":1,"featured_media":0,"parent":0,"menu_order":0,"comment_status":"closed","ping_status":"closed","template":"","meta":{"_acf_changed":false,"footnotes":""},"class_list":["post-5436","page","type-page","status-publish","hentry"],"acf":[],"yoast_head":"<!-- This site is optimized with the Yoast SEO plugin v27.6 - https:\/\/yoast.com\/product\/yoast-seo-wordpress\/ -->\n<title>Skov-Secco - LGC SA<\/title>\n<meta name=\"robots\" content=\"index, follow, max-snippet:-1, max-image-preview:large, max-video-preview:-1\" \/>\n<link rel=\"canonical\" href=\"https:\/\/www.lgc-sa.ch\/fr\/skov-secco\/\" \/>\n<meta property=\"og:locale\" content=\"fr_FR\" \/>\n<meta property=\"og:type\" content=\"article\" \/>\n<meta property=\"og:title\" content=\"Skov-Secco - LGC SA\" \/>\n<meta property=\"og:description\" content=\"Nouveau dans la gamme LGC : ventilateurs SKOV-SECCO Notre partenaire\u00a0: SKOV-SECCO est expert des \u00e9tables de vaches laiti\u00e8res, avec plus de 40 ans d\u2019exp\u00e9rience dans la ventilation et la gestion des exploitations porcines et de volailles. Le stress thermique peut avoir de gros impacts sur les animaux\u00a0: production laiti\u00e8re, fertilit\u00e9, baisse d\u2019ingestion, modifications de la [&hellip;]\" \/>\n<meta property=\"og:url\" content=\"https:\/\/www.lgc-sa.ch\/fr\/skov-secco\/\" \/>\n<meta property=\"og:site_name\" content=\"LGC SA\" \/>\n<meta property=\"article:publisher\" content=\"https:\/\/www.facebook.com\/Altageneticssuisse\" \/>\n<meta property=\"article:modified_time\" content=\"2025-04-25T09:35:33+00:00\" \/>\n<meta property=\"og:image\" content=\"https:\/\/www.lgc-sa.ch\/wp-content\/uploads\/2021\/08\/lgc_300-1.png\" \/>\n\t<meta property=\"og:image:width\" content=\"300\" \/>\n\t<meta property=\"og:image:height\" content=\"105\" \/>\n\t<meta property=\"og:image:type\" content=\"image\/png\" \/>\n<meta name=\"twitter:card\" content=\"summary_large_image\" \/>\n<script type=\"application\/ld+json\" class=\"yoast-schema-graph\">{\"@context\":\"https:\\\/\\\/schema.org\",\"@graph\":[{\"@type\":\"WebPage\",\"@id\":\"https:\\\/\\\/www.lgc-sa.ch\\\/fr\\\/skov-secco\\\/\",\"url\":\"https:\\\/\\\/www.lgc-sa.ch\\\/fr\\\/skov-secco\\\/\",\"name\":\"Skov-Secco - LGC SA\",\"isPartOf\":{\"@id\":\"https:\\\/\\\/www.lgc-sa.ch\\\/fr\\\/#website\"},\"datePublished\":\"2025-04-25T08:21:38+00:00\",\"dateModified\":\"2025-04-25T09:35:33+00:00\",\"breadcrumb\":{\"@id\":\"https:\\\/\\\/www.lgc-sa.ch\\\/fr\\\/skov-secco\\\/#breadcrumb\"},\"inLanguage\":\"fr-FR\",\"potentialAction\":[{\"@type\":\"ReadAction\",\"target\":[\"https:\\\/\\\/www.lgc-sa.ch\\\/fr\\\/skov-secco\\\/\"]}]},{\"@type\":\"BreadcrumbList\",\"@id\":\"https:\\\/\\\/www.lgc-sa.ch\\\/fr\\\/skov-secco\\\/#breadcrumb\",\"itemListElement\":[{\"@type\":\"ListItem\",\"position\":1,\"name\":\"Accueil\",\"item\":\"https:\\\/\\\/www.lgc-sa.ch\\\/fr\\\/\"},{\"@type\":\"ListItem\",\"position\":2,\"name\":\"Skov-Secco\"}]},{\"@type\":\"WebSite\",\"@id\":\"https:\\\/\\\/www.lgc-sa.ch\\\/fr\\\/#website\",\"url\":\"https:\\\/\\\/www.lgc-sa.ch\\\/fr\\\/\",\"name\":\"LGC SA\",\"description\":\"Pour le bien-\u00eatre animal\",\"publisher\":{\"@id\":\"https:\\\/\\\/www.lgc-sa.ch\\\/fr\\\/#organization\"},\"potentialAction\":[{\"@type\":\"SearchAction\",\"target\":{\"@type\":\"EntryPoint\",\"urlTemplate\":\"https:\\\/\\\/www.lgc-sa.ch\\\/fr\\\/?s={search_term_string}\"},\"query-input\":{\"@type\":\"PropertyValueSpecification\",\"valueRequired\":true,\"valueName\":\"search_term_string\"}}],\"inLanguage\":\"fr-FR\"},{\"@type\":\"Organization\",\"@id\":\"https:\\\/\\\/www.lgc-sa.ch\\\/fr\\\/#organization\",\"name\":\"LGC SA\",\"url\":\"https:\\\/\\\/www.lgc-sa.ch\\\/fr\\\/\",\"logo\":{\"@type\":\"ImageObject\",\"inLanguage\":\"fr-FR\",\"@id\":\"https:\\\/\\\/www.lgc-sa.ch\\\/fr\\\/#\\\/schema\\\/logo\\\/image\\\/\",\"url\":\"https:\\\/\\\/i0.wp.com\\\/www.lgc-sa.ch\\\/wp-content\\\/uploads\\\/2021\\\/08\\\/lgc_300-1.png?fit=300%2C105&ssl=1\",\"contentUrl\":\"https:\\\/\\\/i0.wp.com\\\/www.lgc-sa.ch\\\/wp-content\\\/uploads\\\/2021\\\/08\\\/lgc_300-1.png?fit=300%2C105&ssl=1\",\"width\":300,\"height\":105,\"caption\":\"LGC SA\"},\"image\":{\"@id\":\"https:\\\/\\\/www.lgc-sa.ch\\\/fr\\\/#\\\/schema\\\/logo\\\/image\\\/\"},\"sameAs\":[\"https:\\\/\\\/www.facebook.com\\\/Altageneticssuisse\"]}]}<\/script>\n<!-- \/ Yoast SEO plugin. -->","yoast_head_json":{"title":"Skov-Secco - LGC SA","robots":{"index":"index","follow":"follow","max-snippet":"max-snippet:-1","max-image-preview":"max-image-preview:large","max-video-preview":"max-video-preview:-1"},"canonical":"https:\/\/www.lgc-sa.ch\/fr\/skov-secco\/","og_locale":"fr_FR","og_type":"article","og_title":"Skov-Secco - LGC SA","og_description":"Nouveau dans la gamme LGC : ventilateurs SKOV-SECCO Notre partenaire\u00a0: SKOV-SECCO est expert des \u00e9tables de vaches laiti\u00e8res, avec plus de 40 ans d\u2019exp\u00e9rience dans la ventilation et la gestion des exploitations porcines et de volailles. Le stress thermique peut avoir de gros impacts sur les animaux\u00a0: production laiti\u00e8re, fertilit\u00e9, baisse d\u2019ingestion, modifications de la [&hellip;]","og_url":"https:\/\/www.lgc-sa.ch\/fr\/skov-secco\/","og_site_name":"LGC SA","article_publisher":"https:\/\/www.facebook.com\/Altageneticssuisse","article_modified_time":"2025-04-25T09:35:33+00:00","og_image":[{"width":300,"height":105,"url":"https:\/\/www.lgc-sa.ch\/wp-content\/uploads\/2021\/08\/lgc_300-1.png","type":"image\/png"}],"twitter_card":"summary_large_image","schema":{"@context":"https:\/\/schema.org","@graph":[{"@type":"WebPage","@id":"https:\/\/www.lgc-sa.ch\/fr\/skov-secco\/","url":"https:\/\/www.lgc-sa.ch\/fr\/skov-secco\/","name":"Skov-Secco - LGC SA","isPartOf":{"@id":"https:\/\/www.lgc-sa.ch\/fr\/#website"},"datePublished":"2025-04-25T08:21:38+00:00","dateModified":"2025-04-25T09:35:33+00:00","breadcrumb":{"@id":"https:\/\/www.lgc-sa.ch\/fr\/skov-secco\/#breadcrumb"},"inLanguage":"fr-FR","potentialAction":[{"@type":"ReadAction","target":["https:\/\/www.lgc-sa.ch\/fr\/skov-secco\/"]}]},{"@type":"BreadcrumbList","@id":"https:\/\/www.lgc-sa.ch\/fr\/skov-secco\/#breadcrumb","itemListElement":[{"@type":"ListItem","position":1,"name":"Accueil","item":"https:\/\/www.lgc-sa.ch\/fr\/"},{"@type":"ListItem","position":2,"name":"Skov-Secco"}]},{"@type":"WebSite","@id":"https:\/\/www.lgc-sa.ch\/fr\/#website","url":"https:\/\/www.lgc-sa.ch\/fr\/","name":"LGC SA","description":"Pour le bien-\u00eatre animal","publisher":{"@id":"https:\/\/www.lgc-sa.ch\/fr\/#organization"},"potentialAction":[{"@type":"SearchAction","target":{"@type":"EntryPoint","urlTemplate":"https:\/\/www.lgc-sa.ch\/fr\/?s={search_term_string}"},"query-input":{"@type":"PropertyValueSpecification","valueRequired":true,"valueName":"search_term_string"}}],"inLanguage":"fr-FR"},{"@type":"Organization","@id":"https:\/\/www.lgc-sa.ch\/fr\/#organization","name":"LGC SA","url":"https:\/\/www.lgc-sa.ch\/fr\/","logo":{"@type":"ImageObject","inLanguage":"fr-FR","@id":"https:\/\/www.lgc-sa.ch\/fr\/#\/schema\/logo\/image\/","url":"https:\/\/i0.wp.com\/www.lgc-sa.ch\/wp-content\/uploads\/2021\/08\/lgc_300-1.png?fit=300%2C105&ssl=1","contentUrl":"https:\/\/i0.wp.com\/www.lgc-sa.ch\/wp-content\/uploads\/2021\/08\/lgc_300-1.png?fit=300%2C105&ssl=1","width":300,"height":105,"caption":"LGC SA"},"image":{"@id":"https:\/\/www.lgc-sa.ch\/fr\/#\/schema\/logo\/image\/"},"sameAs":["https:\/\/www.facebook.com\/Altageneticssuisse"]}]}},"_links":{"self":[{"href":"https:\/\/www.lgc-sa.ch\/fr\/wp-json\/wp\/v2\/pages\/5436","targetHints":{"allow":["GET"]}}],"collection":[{"href":"https:\/\/www.lgc-sa.ch\/fr\/wp-json\/wp\/v2\/pages"}],"about":[{"href":"https:\/\/www.lgc-sa.ch\/fr\/wp-json\/wp\/v2\/types\/page"}],"author":[{"embeddable":true,"href":"https:\/\/www.lgc-sa.ch\/fr\/wp-json\/wp\/v2\/users\/1"}],"replies":[{"embeddable":true,"href":"https:\/\/www.lgc-sa.ch\/fr\/wp-json\/wp\/v2\/comments?post=5436"}],"version-history":[{"count":58,"href":"https:\/\/www.lgc-sa.ch\/fr\/wp-json\/wp\/v2\/pages\/5436\/revisions"}],"predecessor-version":[{"id":5583,"href":"https:\/\/www.lgc-sa.ch\/fr\/wp-json\/wp\/v2\/pages\/5436\/revisions\/5583"}],"wp:attachment":[{"href":"https:\/\/www.lgc-sa.ch\/fr\/wp-json\/wp\/v2\/media?parent=5436"}],"curies":[{"name":"wp","href":"https:\/\/api.w.org\/{rel}","templated":true}]}}