{"id":2695,"date":"2022-08-02T12:05:31","date_gmt":"2022-08-02T12:05:31","guid":{"rendered":"https:\/\/www.lgc-sa.ch\/?page_id=2695"},"modified":"2026-04-29T10:28:37","modified_gmt":"2026-04-29T10:28:37","slug":"offre-demplois","status":"publish","type":"page","link":"https:\/\/www.lgc-sa.ch\/fr\/offre-demplois\/","title":{"rendered":"Offre d&#8217;emplois"},"content":{"rendered":"<p><img decoding=\"async\" src=\"\/wp-content\/uploads\/2022\/08\/milk-with-style.png\" alt=\"\"><\/p>\n<h2>Nous n&rsquo;avons actuellement aucun poste vacant.<\/h2>\n<div>\n<p>Si tu souhaites souhaites travailler avec nous, n&rsquo;h\u00e9site pas \u00e0 nous contacter \u00e0 l&rsquo;adresse suivante : agrojob(at)lgc-sa.ch<\/p>\n<\/div>\n<hr>\n<p><!--more--><br \/>\n<!-- {\"name\":\"page\",\"type\":\"layout\",\"children\":[{\"type\":\"section\",\"props\":{\"image_position\":\"center-center\",\"style\":\"default\",\"title_breakpoint\":\"xl\",\"title_position\":\"top-left\",\"title_rotation\":\"left\",\"vertical_align\":\"middle\",\"width\":\"default\"},\"children\":[{\"type\":\"row\",\"props\":{\"layout\":\"1-2,1-2\"},\"children\":[{\"type\":\"column\",\"props\":{\"image_position\":\"center-center\",\"position_sticky_breakpoint\":\"m\",\"style\":\"tile-muted\",\"width_medium\":\"1-2\"},\"children\":[{\"type\":\"image\",\"props\":{\"block_align\":\"center\",\"image\":\"wp-content\/uploads\/2022\/08\/milk-with-style.png\",\"image_svg_color\":\"emphasis\",\"image_width\":-200000,\"margin_bottom\":\"default\",\"margin_top\":\"default\",\"maxwidth\":\"medium\"}}]},{\"type\":\"column\",\"props\":{\"image_position\":\"center-center\",\"position_sticky_breakpoint\":\"m\",\"width_medium\":\"1-2\"},\"children\":[{\"type\":\"headline\",\"props\":{\"content\":\"Nous n'avons actuellement aucun poste vacant.\",\"image_align\":\"left\",\"image_margin\":\"xsmall\",\"title_element\":\"h2\",\"title_style\":\"h3\"},\"name\":\"ce qu'on offre\"},{\"type\":\"text\",\"props\":{\"column_breakpoint\":\"m\",\"content\":\"\n\n\n\n\\n\n\n<p>Si tu souhaites souhaites travailler avec nous, n'h\u00e9site pas \u00e0 nous contacter \u00e0 l'adresse suivante : agrojob(at)lgc-sa.ch<\/p>\n\n\",\"margin_bottom\":\"default\",\"margin_top\":\"default\"}}]}]},{\"type\":\"row\",\"children\":[{\"type\":\"column\",\"props\":{\"image_position\":\"center-center\",\"position_sticky_breakpoint\":\"m\"},\"children\":[{\"type\":\"headline\",\"props\":{\"class\":\"titre\",\"content\":\"Offre d'emplois\",\"image_align\":\"left\",\"image_margin\":\"xsmall\",\"title_decoration\":\"divider\",\"title_element\":\"h1\"}},{\"type\":\"headline\",\"props\":{\"block_align\":\"center\",\"content\":\"\n\n<h2 style=\\\"text-align: center;\\\"><strong>Nous cherchons une ou deux personne(s) pour rejoindre notre \u00e9quipe<\/strong><\/h2>\n\n\",\"image_align\":\"left\",\"image_margin\":\"xsmall\",\"maxwidth\":\"2xlarge\",\"text_align\":\"center\",\"title_element\":\"h3\"}},{\"type\":\"text\",\"props\":{\"column_breakpoint\":\"m\",\"content\":\"\n\n<ul>\\n\n\n<li>\\n\n\n<h5><strong>Collaborateur marketing et administratif (80-100% - 6 mois \u00e0 partir de juin 2026)<\/strong><\/h5>\n\n\\n<\/li>\n\n\\n\n\n<li>\\n\n\n<h5><strong>Sire analyst junior et collaborateur administratif\u00a0<\/strong><strong>(80-100% - 6 mois \u00e0 partir de juin 2026)<\/strong><\/h5>\n\n\\n<\/li>\n\n\\n<\/ul>\n\n\",\"margin_bottom\":\"default\",\"margin_top\":\"default\"}}]}],\"props\":{\"status\":\"disabled\"}},{\"type\":\"row\",\"children\":[{\"type\":\"column\",\"props\":{\"image_position\":\"center-center\",\"position_sticky_breakpoint\":\"m\"},\"children\":[{\"type\":\"divider\",\"props\":{\"divider_element\":\"hr\"}}]}]}]},{\"type\":\"section\",\"props\":{\"image_position\":\"center-center\",\"status\":\"disabled\",\"style\":\"default\",\"title_breakpoint\":\"xl\",\"title_position\":\"top-left\",\"title_rotation\":\"left\",\"vertical_align\":\"\",\"width\":\"default\"},\"children\":[{\"type\":\"row\",\"children\":[{\"type\":\"column\",\"props\":{\"image_position\":\"center-center\",\"position_sticky_breakpoint\":\"m\"},\"children\":[{\"type\":\"headline\",\"props\":{\"content\":\"\n\n<h3><strong>Collaborateur marketing et administratif <\/strong> \u00a0 \u00a0 poste 80-100% (H\/F)<\/h3>\n\n\\n\n\n<h4>pour le remplacement temporaire d\u2019un Team Leader, avec possibilit\u00e9 de poursuite en poste fixe orient\u00e9 marketing<\/h4>\n\n\",\"image_align\":\"left\",\"image_margin\":\"xsmall\",\"title_element\":\"h1\"}},{\"type\":\"text\",\"props\":{\"column_breakpoint\":\"m\",\"content\":\"\n\n<p>Entr\u00e9e en fonction : <strong>juin 2026<\/strong><br \/>Dur\u00e9e : <strong>6 mois<\/strong>, <strong>avec possibilit\u00e9 de transformation en poste fixe<br \/><\/strong>Lieu : Romont (FR)<\/p>\n\n\",\"margin_bottom\":\"default\",\"margin_top\":\"default\"}}]}]},{\"type\":\"row\",\"props\":{\"layout\":\"1-2,1-2\"},\"children\":[{\"type\":\"column\",\"props\":{\"image_position\":\"center-center\",\"position_sticky_breakpoint\":\"m\",\"style\":\"tile-muted\",\"width_medium\":\"1-2\"},\"children\":[{\"type\":\"text\",\"props\":{\"column_breakpoint\":\"m\",\"content\":\"\n\n<p>LGC travaille avec des partenaires internationaux leaders dans leurs secteurs d\u2019activit\u00e9 et poursuit passionn\u00e9ment la mission de cr\u00e9er de la valeur, construire la confiance et d\u00e9livrer des r\u00e9sultats pour les \u00e9leveurs suisses.<\/p>\n\n\\n\n\n<p><span>En constant d\u00e9veloppement, LGC cherche une personne pour agrandir son Team. Si tu souhaites int\u00e9grer une \u00e9quipe sympa et dynamique, profitant d\u2019une formation constante, si tu aimes un travail vari\u00e9, flexible et avec une forte ind\u00e9pendance, si le dialogue avec les agriculteurs, leur \u00e9coute, le conseil et la vente t\u2019int\u00e9ressent, alors n\u2019h\u00e9site plus \u00e0 nous contacter !<\/span><\/p>\n\n\\n\n\n<p>Envoie nous ton CV et viens nous rencontrer pour discuter des opportunit\u00e9s.\u00a0<\/p>\n\n\",\"margin_bottom\":\"default\",\"margin_top\":\"default\"}},{\"type\":\"image\",\"props\":{\"image\":\"wp-content\/uploads\/photo-1493612276216-ee3925520721-scaled.jpg\",\"image_svg_color\":\"emphasis\",\"margin_bottom\":\"default\",\"margin_top\":\"default\"}}]},{\"type\":\"column\",\"props\":{\"image_position\":\"center-center\",\"position_sticky_breakpoint\":\"m\",\"width_medium\":\"1-2\"},\"children\":[{\"type\":\"headline\",\"props\":{\"content\":\"Tes missions\",\"image_align\":\"left\",\"image_margin\":\"xsmall\",\"title_element\":\"h2\",\"title_style\":\"h3\"},\"name\":\"tes missions\"},{\"type\":\"list\",\"props\":{\"column_breakpoint\":\"m\",\"image_align\":\"left\",\"image_svg_color\":\"emphasis\",\"image_vertical_align\":true,\"list_element\":\"ul\",\"list_horizontal_separator\":\", \",\"list_style\":\"divider\",\"list_type\":\"vertical\",\"show_image\":true,\"show_link\":true},\"children\":[{\"type\":\"list_item\",\"props\":{\"content\":\"Soutien administratif et organisationnel \u00e0 l\u2019\u00e9quipe commerciale\"}},{\"type\":\"list_item\",\"props\":{\"content\":\"Gestion et analyse de donn\u00e9es sous <strong>Excel<\/strong>\"}},{\"type\":\"list_item\",\"props\":{\"content\":\"Suivi administratif des dossiers clients et partenaires\"}},{\"type\":\"list_item\",\"props\":{\"content\":\"\n\n<div class=\\\"el-content uk-panel\\\">Mises \u00e0 jour r\u00e9guli\u00e8re du site internet et suivi des commandes en ligne<\/div>\n\n\"}},{\"type\":\"list_item\",\"props\":{\"content\":\"Participation \u00e0 la cr\u00e9ation de newsletters (Emails, r\u00e9seaux sociaux, etc.) et d\u2019un catalogue annuel d\u2019entreprise\"}},{\"type\":\"list_item\",\"props\":{\"content\":\"Coordination interne entre ventes, logistique et partenaires\"}}]},{\"type\":\"headline\",\"props\":{\"content\":\"Ce qu'on offre\",\"image_align\":\"left\",\"image_margin\":\"xsmall\",\"title_element\":\"h2\",\"title_style\":\"h3\"},\"name\":\"ce qu'on offre\"},{\"type\":\"list\",\"props\":{\"column_breakpoint\":\"m\",\"image_align\":\"left\",\"image_svg_color\":\"emphasis\",\"image_vertical_align\":true,\"list_element\":\"ul\",\"list_horizontal_separator\":\", \",\"list_style\":\"divider\",\"list_type\":\"vertical\",\"show_image\":true,\"show_link\":true},\"children\":[{\"type\":\"list_item\",\"props\":{\"content\":\"Une activit\u00e9 vari\u00e9e au sein d\u2019une entreprise dynamique en croissance\"}},{\"type\":\"list_item\",\"props\":{\"content\":\"Gamme de produits large et en constante \u00e9volution\"}},{\"type\":\"list_item\",\"props\":{\"content\":\"Un environnement proche du terrain agricole\"}},{\"type\":\"list_item\",\"props\":{\"content\":\"Possibilit\u00e9 d\u2019\u00e9volution vers un <strong>poste fixe<\/strong>\"}}]},{\"type\":\"headline\",\"props\":{\"content\":\"Tu apportes\",\"image_align\":\"left\",\"image_margin\":\"xsmall\",\"title_element\":\"h2\",\"title_style\":\"h3\"},\"name\":\"ce qu'on offre\"},{\"type\":\"list\",\"props\":{\"column_breakpoint\":\"m\",\"image_align\":\"left\",\"image_svg_color\":\"emphasis\",\"image_vertical_align\":true,\"list_element\":\"ul\",\"list_horizontal_separator\":\", \",\"list_style\":\"divider\",\"list_type\":\"vertical\",\"show_image\":true,\"show_link\":true},\"children\":[{\"type\":\"list_item\",\"props\":{\"content\":\"Formation administrative ou marketing\"}},{\"type\":\"list_item\",\"props\":{\"content\":\"<strong>Tr\u00e8s bonnes connaissances d\u2019Excel<\/strong>\"}},{\"type\":\"list_item\",\"props\":{\"content\":\"<strong>Fran\u00e7ais courant <\/strong>et<strong> allemand - bonnes connaissances<\/strong>\"}},{\"type\":\"list_item\",\"props\":{\"content\":\"Personnalit\u00e9 organis\u00e9e, autonome et polyvalente\"}}]},{\"type\":\"headline\",\"props\":{\"content\":\"Atouts\",\"image_align\":\"left\",\"image_margin\":\"xsmall\",\"title_element\":\"h2\",\"title_style\":\"h3\"},\"name\":\"ce qu'on offre\"},{\"type\":\"list\",\"props\":{\"column_breakpoint\":\"m\",\"image_align\":\"left\",\"image_svg_color\":\"emphasis\",\"image_vertical_align\":true,\"list_element\":\"ul\",\"list_horizontal_separator\":\", \",\"list_style\":\"divider\",\"list_type\":\"vertical\",\"show_image\":true,\"show_link\":true},\"children\":[{\"type\":\"list_item\",\"props\":{\"content\":\"Connaissance du <strong>secteur agricole suisse<\/strong>\"}},{\"type\":\"list_item\",\"props\":{\"content\":\"Un fort attrait pour le marketing et la publicit\u00e9\"}},{\"type\":\"list_item\",\"props\":{\"content\":\"Exp\u00e9rience dans l\u2019agro-commerce, un plus\"}}]}]}]}]},{\"type\":\"section\",\"props\":{\"image_position\":\"center-center\",\"status\":\"disabled\",\"style\":\"default\",\"title_breakpoint\":\"xl\",\"title_position\":\"top-left\",\"title_rotation\":\"left\",\"vertical_align\":\"\",\"width\":\"default\"},\"children\":[{\"type\":\"row\",\"children\":[{\"type\":\"column\",\"props\":{\"image_position\":\"center-center\",\"position_sticky_breakpoint\":\"m\"},\"children\":[{\"type\":\"headline\",\"props\":{\"content\":\"\n\n<h3><strong>Sire analyst junior et collaborateur administratif <\/strong>\u00a0 \u00a0 poste 80-100% (H\/F)<\/h3>\n\n\\n\n\n<h4>pour le remplacement temporaire d\u2019un Team Leader, avec possibilit\u00e9 de poursuite en poste fixe orient\u00e9 g\u00e9n\u00e9tique<\/h4>\n\n\",\"image_align\":\"left\",\"image_margin\":\"xsmall\",\"title_element\":\"h1\"}},{\"type\":\"text\",\"props\":{\"column_breakpoint\":\"m\",\"content\":\"\n\n<p>Entr\u00e9e en fonction : <strong>juin 2026<\/strong><br \/>Dur\u00e9e : <strong>6 mois<\/strong>, <strong>avec possibilit\u00e9 de transformation en poste fixe<br \/><\/strong>Lieu : Romont (FR)<\/p>\n\n\",\"margin_bottom\":\"default\",\"margin_top\":\"default\"}}]}]},{\"type\":\"row\",\"props\":{\"layout\":\"1-2,1-2\"},\"children\":[{\"type\":\"column\",\"props\":{\"image_position\":\"center-center\",\"position_sticky_breakpoint\":\"m\",\"style\":\"tile-muted\",\"width_medium\":\"1-2\"},\"children\":[{\"type\":\"text\",\"props\":{\"column_breakpoint\":\"m\",\"content\":\"\n\n<p>LGC travaille avec des partenaires internationaux leaders dans leurs secteurs d\u2019activit\u00e9 et poursuit passionn\u00e9ment la mission de cr\u00e9er de la valeur, construire la confiance et d\u00e9livrer des r\u00e9sultats pour les \u00e9leveurs suisses.<\/p>\n\n\\n\n\n<p><span>En constant d\u00e9veloppement, LGC cherche une personne pour agrandir son Team. Si tu souhaites int\u00e9grer une \u00e9quipe sympa et dynamique, profitant d\u2019une formation constante, si tu aimes un travail vari\u00e9, flexible et avec une forte ind\u00e9pendance, si le dialogue avec les agriculteurs, leur \u00e9coute, le conseil et la vente t\u2019int\u00e9ressent, alors n\u2019h\u00e9site plus \u00e0 nous contacter !<\/span><\/p>\n\n\\n\n\n<p>Envoie nous ton CV et viens nous rencontrer pour discuter des opportunit\u00e9s.\u00a0<\/p>\n\n\",\"margin_bottom\":\"default\",\"margin_top\":\"default\"}},{\"type\":\"image\",\"props\":{\"image\":\"wp-content\/uploads\/2026\/03\/dateline-a4-2019-1-scaled.jpg\",\"image_svg_color\":\"emphasis\",\"margin_bottom\":\"default\",\"margin_top\":\"default\"}}]},{\"type\":\"column\",\"props\":{\"image_position\":\"center-center\",\"position_sticky_breakpoint\":\"m\",\"width_medium\":\"1-2\"},\"children\":[{\"type\":\"headline\",\"props\":{\"content\":\"Tes missions\",\"image_align\":\"left\",\"image_margin\":\"xsmall\",\"title_element\":\"h2\",\"title_style\":\"h3\"},\"name\":\"tes missions\"},{\"type\":\"list\",\"props\":{\"column_breakpoint\":\"m\",\"image_align\":\"left\",\"image_svg_color\":\"emphasis\",\"image_vertical_align\":true,\"list_element\":\"ul\",\"list_horizontal_separator\":\", \",\"list_style\":\"divider\",\"list_type\":\"vertical\",\"show_image\":true,\"show_link\":true},\"children\":[{\"type\":\"list_item\",\"props\":{\"content\":\"Soutien aux activit\u00e9s li\u00e9es \u00e0 la g\u00e9n\u00e9tique animale et \u00e0 la reproduction bovine\"}},{\"type\":\"list_item\",\"props\":{\"content\":\"Gestion, tri et analyse des valeurs d\u2019\u00e9levage des taureaux (Excel avanc\u00e9)\"}},{\"type\":\"list_item\",\"props\":{\"content\":\"R\u00e9alisation du catalogue annuel des taureaux et pr\u00e9paration des actions marketing\"}},{\"type\":\"list_item\",\"props\":{\"content\":\"\n\n<div class=\\\"el-content uk-panel\\\">Coordination interne entre \u00e9quipes ventes, logistique et partenaires<\/div>\n\n\"}},{\"type\":\"list_item\",\"props\":{\"content\":\"Suivi administratif des clients, partenaires et dossiers techniques\"}},{\"type\":\"list_item\",\"props\":{\"content\":\"Coordination interne entre ventes, logistique et partenaires\"}}]},{\"type\":\"headline\",\"props\":{\"content\":\"Ce qu'on offre\",\"image_align\":\"left\",\"image_margin\":\"xsmall\",\"title_element\":\"h2\",\"title_style\":\"h3\"},\"name\":\"ce qu'on offre\"},{\"type\":\"list\",\"props\":{\"column_breakpoint\":\"m\",\"image_align\":\"left\",\"image_svg_color\":\"emphasis\",\"image_vertical_align\":true,\"list_element\":\"ul\",\"list_horizontal_separator\":\", \",\"list_style\":\"divider\",\"list_type\":\"vertical\",\"show_image\":true,\"show_link\":true},\"children\":[{\"type\":\"list_item\",\"props\":{\"content\":\"Une activit\u00e9 vari\u00e9e au sein d\u2019une entreprise dynamique en croissance\"}},{\"type\":\"list_item\",\"props\":{\"content\":\"Un environnement proche du terrain agricole\"}},{\"type\":\"list_item\",\"props\":{\"content\":\"Une opportunit\u00e9 id\u00e9ale pour un(e) jeune dipl\u00f4m\u00e9(e) en agronomie ou profil \u00e9quivalent\"}},{\"type\":\"list_item\",\"props\":{\"content\":\"Une \u00e9volution possible vers un poste fixe orient\u00e9 g\u00e9n\u00e9tique\"}}]},{\"type\":\"headline\",\"props\":{\"content\":\"Tu apportes\",\"image_align\":\"left\",\"image_margin\":\"xsmall\",\"title_element\":\"h2\",\"title_style\":\"h3\"},\"name\":\"ce qu'on offre\"},{\"type\":\"list\",\"props\":{\"column_breakpoint\":\"m\",\"image_align\":\"left\",\"image_svg_color\":\"emphasis\",\"image_vertical_align\":true,\"list_element\":\"ul\",\"list_horizontal_separator\":\", \",\"list_style\":\"divider\",\"list_type\":\"vertical\",\"show_image\":true,\"show_link\":true},\"children\":[{\"type\":\"list_item\",\"props\":{\"content\":\"Formation agronomique (CFC, Agro-Tech, Agro-Comm, Brevet)\"}},{\"type\":\"list_item\",\"props\":{\"content\":\"<strong>Tr\u00e8s bonnes connaissances d\u2019Excel<\/strong>\"}},{\"type\":\"list_item\",\"props\":{\"content\":\"Fran\u00e7ais courant ; tr\u00e8s bonnes connaissances de l\u2019allemand\"}},{\"type\":\"list_item\",\"props\":{\"content\":\"Personnalit\u00e9 autonome, rigoureuse, structur\u00e9e et polyvalente\"}}]},{\"type\":\"headline\",\"props\":{\"content\":\"Atouts\",\"image_align\":\"left\",\"image_margin\":\"xsmall\",\"title_element\":\"h2\",\"title_style\":\"h3\"},\"name\":\"ce qu'on offre\"},{\"type\":\"list\",\"props\":{\"column_breakpoint\":\"m\",\"image_align\":\"left\",\"image_svg_color\":\"emphasis\",\"image_vertical_align\":true,\"list_element\":\"ul\",\"list_horizontal_separator\":\", \",\"list_style\":\"divider\",\"list_type\":\"vertical\",\"show_image\":true,\"show_link\":true},\"children\":[{\"type\":\"list_item\",\"props\":{\"content\":\"Int\u00e9r\u00eat marqu\u00e9 pour la production animale, l\u2019alimentation et\/ou la reproduction bovine\"}},{\"type\":\"list_item\",\"props\":{\"content\":\"Connaissances en g\u00e9n\u00e9tique animale : un atout important\"}},{\"type\":\"list_item\",\"props\":{\"content\":\"Premi\u00e8re exp\u00e9rience dans l\u2019agro-commerce ou milieu agricole\"}},{\"type\":\"list_item\",\"props\":{\"content\":\"Sensibilit\u00e9 au marketing et \u00e0 la communication produits\"}}]}]}]}]},{\"type\":\"section\",\"props\":{\"animation\":\"slide-right-medium\",\"animation_delay\":\"225\",\"image_position\":\"center-center\",\"padding_top\":\"none\",\"status\":\"disabled\",\"style\":\"default\",\"title_breakpoint\":\"xl\",\"title_position\":\"top-left\",\"title_rotation\":\"left\",\"vertical_align\":\"\",\"width\":\"default\"},\"children\":[{\"type\":\"row\",\"children\":[{\"type\":\"column\",\"props\":{\"image_position\":\"center-center\",\"position_sticky_breakpoint\":\"m\"},\"children\":[{\"type\":\"button\",\"props\":{\"fullwidth\":true,\"grid_column_gap\":\"medium\",\"grid_row_gap\":\"small\",\"margin_bottom\":\"default\",\"margin_top\":\"default\"},\"children\":[{\"type\":\"button_item\",\"props\":{\"button_style\":\"primary\",\"content\":\"Int\u00e9ress\u00e9(e)?            envoyez-nous un courriel \u00e0: agrojob@lgc-sa.ch\",\"dialog_layout\":\"modal\",\"dialog_offcanvas_flip\":true,\"icon_align\":\"left\",\"link\":\"mailto:agrojob@lgc-sa.ch\"}}]},{\"type\":\"text\",\"props\":{\"column_breakpoint\":\"m\",\"content\":\"\n\n<p style=\\\"text-align: center;\\\"><strong>Nous t'attendons avec plaisir !<\/strong><\/p>\n\n\",\"margin_bottom\":\"default\",\"margin_top\":\"default\"}},{\"type\":\"divider\",\"props\":{\"divider_element\":\"hr\"}},{\"type\":\"gallery\",\"props\":{\"filter_align\":\"left\",\"filter_all\":true,\"filter_grid_breakpoint\":\"m\",\"filter_grid_width\":\"auto\",\"filter_position\":\"top\",\"filter_style\":\"tab\",\"grid_default\":\"1\",\"grid_medium\":\"3\",\"item_animation\":true,\"lightbox_bg_close\":true,\"link_style\":\"default\",\"link_text\":\"Read more\",\"margin_bottom\":\"default\",\"margin_top\":\"default\",\"meta_align\":\"below-title\",\"meta_element\":\"div\",\"meta_style\":\"text-meta\",\"overlay_hover\":true,\"overlay_mode\":\"cover\",\"overlay_position\":\"center\",\"overlay_style\":\"overlay-primary\",\"overlay_transition\":\"fade\",\"show_content\":true,\"show_hover_image\":true,\"show_hover_video\":true,\"show_link\":true,\"show_meta\":true,\"show_title\":true,\"text_align\":\"center\",\"text_color\":\"light\",\"title_element\":\"h3\",\"title_hover_style\":\"reset\"},\"children\":[{\"type\":\"gallery_item\",\"props\":{\"image\":\"wp-content\/uploads\/2024\/04\/IMG_2232-scaled-e1713365177439.jpg\"}},{\"type\":\"gallery_item\",\"props\":{\"image\":\"wp-content\/uploads\/2026\/03\/RLM_6103-1-scaled.jpg\"}},{\"type\":\"gallery_item\",\"props\":{\"image\":\"wp-content\/uploads\/2022\/07\/Meiers-Casper-MISTY-2nd-lact-scaled.jpg\"}}]}]}]}]}],\"version\":\"5.0.29\",\"yooessentialsVersion\":\"3.0.1\"} --><\/p>\n","protected":false},"excerpt":{"rendered":"<p>Nous n&rsquo;avons actuellement aucun poste vacant. Si tu souhaites souhaites travailler avec nous, n&rsquo;h\u00e9site pas \u00e0 nous contacter \u00e0 l&rsquo;adresse suivante : agrojob(at)lgc-sa.ch<\/p>\n","protected":false},"author":1,"featured_media":0,"parent":0,"menu_order":0,"comment_status":"closed","ping_status":"closed","template":"","meta":{"_acf_changed":false,"footnotes":""},"class_list":["post-2695","page","type-page","status-publish","hentry"],"acf":[],"yoast_head":"<!-- This site is optimized with the Yoast SEO plugin v27.6 - https:\/\/yoast.com\/product\/yoast-seo-wordpress\/ -->\n<title>Offre d&#039;emplois - LGC SA<\/title>\n<meta name=\"robots\" content=\"index, follow, max-snippet:-1, max-image-preview:large, max-video-preview:-1\" \/>\n<link rel=\"canonical\" href=\"https:\/\/www.lgc-sa.ch\/fr\/offre-demplois\/\" \/>\n<meta property=\"og:locale\" content=\"fr_FR\" \/>\n<meta property=\"og:type\" content=\"article\" \/>\n<meta property=\"og:title\" content=\"Offre d&#039;emplois - LGC SA\" \/>\n<meta property=\"og:description\" content=\"Nous n&rsquo;avons actuellement aucun poste vacant. Si tu souhaites souhaites travailler avec nous, n&rsquo;h\u00e9site pas \u00e0 nous contacter \u00e0 l&rsquo;adresse suivante : agrojob(at)lgc-sa.ch\" \/>\n<meta property=\"og:url\" content=\"https:\/\/www.lgc-sa.ch\/fr\/offre-demplois\/\" \/>\n<meta property=\"og:site_name\" content=\"LGC SA\" \/>\n<meta property=\"article:publisher\" content=\"https:\/\/www.facebook.com\/Altageneticssuisse\" \/>\n<meta property=\"article:modified_time\" content=\"2026-04-29T10:28:37+00:00\" \/>\n<meta property=\"og:image\" content=\"https:\/\/www.lgc-sa.ch\/wp-content\/uploads\/2021\/08\/lgc_300-1.png\" \/>\n\t<meta property=\"og:image:width\" content=\"300\" \/>\n\t<meta property=\"og:image:height\" content=\"105\" \/>\n\t<meta property=\"og:image:type\" content=\"image\/png\" \/>\n<meta name=\"twitter:card\" content=\"summary_large_image\" \/>\n<script type=\"application\/ld+json\" class=\"yoast-schema-graph\">{\"@context\":\"https:\\\/\\\/schema.org\",\"@graph\":[{\"@type\":\"WebPage\",\"@id\":\"https:\\\/\\\/www.lgc-sa.ch\\\/fr\\\/offre-demplois\\\/\",\"url\":\"https:\\\/\\\/www.lgc-sa.ch\\\/fr\\\/offre-demplois\\\/\",\"name\":\"Offre d'emplois - LGC SA\",\"isPartOf\":{\"@id\":\"https:\\\/\\\/www.lgc-sa.ch\\\/fr\\\/#website\"},\"datePublished\":\"2022-08-02T12:05:31+00:00\",\"dateModified\":\"2026-04-29T10:28:37+00:00\",\"breadcrumb\":{\"@id\":\"https:\\\/\\\/www.lgc-sa.ch\\\/fr\\\/offre-demplois\\\/#breadcrumb\"},\"inLanguage\":\"fr-FR\",\"potentialAction\":[{\"@type\":\"ReadAction\",\"target\":[\"https:\\\/\\\/www.lgc-sa.ch\\\/fr\\\/offre-demplois\\\/\"]}]},{\"@type\":\"BreadcrumbList\",\"@id\":\"https:\\\/\\\/www.lgc-sa.ch\\\/fr\\\/offre-demplois\\\/#breadcrumb\",\"itemListElement\":[{\"@type\":\"ListItem\",\"position\":1,\"name\":\"Accueil\",\"item\":\"https:\\\/\\\/www.lgc-sa.ch\\\/fr\\\/\"},{\"@type\":\"ListItem\",\"position\":2,\"name\":\"Offre d&#8217;emplois\"}]},{\"@type\":\"WebSite\",\"@id\":\"https:\\\/\\\/www.lgc-sa.ch\\\/fr\\\/#website\",\"url\":\"https:\\\/\\\/www.lgc-sa.ch\\\/fr\\\/\",\"name\":\"LGC SA\",\"description\":\"Pour le bien-\u00eatre animal\",\"publisher\":{\"@id\":\"https:\\\/\\\/www.lgc-sa.ch\\\/fr\\\/#organization\"},\"potentialAction\":[{\"@type\":\"SearchAction\",\"target\":{\"@type\":\"EntryPoint\",\"urlTemplate\":\"https:\\\/\\\/www.lgc-sa.ch\\\/fr\\\/?s={search_term_string}\"},\"query-input\":{\"@type\":\"PropertyValueSpecification\",\"valueRequired\":true,\"valueName\":\"search_term_string\"}}],\"inLanguage\":\"fr-FR\"},{\"@type\":\"Organization\",\"@id\":\"https:\\\/\\\/www.lgc-sa.ch\\\/fr\\\/#organization\",\"name\":\"LGC SA\",\"url\":\"https:\\\/\\\/www.lgc-sa.ch\\\/fr\\\/\",\"logo\":{\"@type\":\"ImageObject\",\"inLanguage\":\"fr-FR\",\"@id\":\"https:\\\/\\\/www.lgc-sa.ch\\\/fr\\\/#\\\/schema\\\/logo\\\/image\\\/\",\"url\":\"https:\\\/\\\/i0.wp.com\\\/www.lgc-sa.ch\\\/wp-content\\\/uploads\\\/2021\\\/08\\\/lgc_300-1.png?fit=300%2C105&ssl=1\",\"contentUrl\":\"https:\\\/\\\/i0.wp.com\\\/www.lgc-sa.ch\\\/wp-content\\\/uploads\\\/2021\\\/08\\\/lgc_300-1.png?fit=300%2C105&ssl=1\",\"width\":300,\"height\":105,\"caption\":\"LGC SA\"},\"image\":{\"@id\":\"https:\\\/\\\/www.lgc-sa.ch\\\/fr\\\/#\\\/schema\\\/logo\\\/image\\\/\"},\"sameAs\":[\"https:\\\/\\\/www.facebook.com\\\/Altageneticssuisse\"]}]}<\/script>\n<!-- \/ Yoast SEO plugin. -->","yoast_head_json":{"title":"Offre d'emplois - LGC SA","robots":{"index":"index","follow":"follow","max-snippet":"max-snippet:-1","max-image-preview":"max-image-preview:large","max-video-preview":"max-video-preview:-1"},"canonical":"https:\/\/www.lgc-sa.ch\/fr\/offre-demplois\/","og_locale":"fr_FR","og_type":"article","og_title":"Offre d'emplois - LGC SA","og_description":"Nous n&rsquo;avons actuellement aucun poste vacant. Si tu souhaites souhaites travailler avec nous, n&rsquo;h\u00e9site pas \u00e0 nous contacter \u00e0 l&rsquo;adresse suivante : agrojob(at)lgc-sa.ch","og_url":"https:\/\/www.lgc-sa.ch\/fr\/offre-demplois\/","og_site_name":"LGC SA","article_publisher":"https:\/\/www.facebook.com\/Altageneticssuisse","article_modified_time":"2026-04-29T10:28:37+00:00","og_image":[{"width":300,"height":105,"url":"https:\/\/www.lgc-sa.ch\/wp-content\/uploads\/2021\/08\/lgc_300-1.png","type":"image\/png"}],"twitter_card":"summary_large_image","schema":{"@context":"https:\/\/schema.org","@graph":[{"@type":"WebPage","@id":"https:\/\/www.lgc-sa.ch\/fr\/offre-demplois\/","url":"https:\/\/www.lgc-sa.ch\/fr\/offre-demplois\/","name":"Offre d'emplois - LGC SA","isPartOf":{"@id":"https:\/\/www.lgc-sa.ch\/fr\/#website"},"datePublished":"2022-08-02T12:05:31+00:00","dateModified":"2026-04-29T10:28:37+00:00","breadcrumb":{"@id":"https:\/\/www.lgc-sa.ch\/fr\/offre-demplois\/#breadcrumb"},"inLanguage":"fr-FR","potentialAction":[{"@type":"ReadAction","target":["https:\/\/www.lgc-sa.ch\/fr\/offre-demplois\/"]}]},{"@type":"BreadcrumbList","@id":"https:\/\/www.lgc-sa.ch\/fr\/offre-demplois\/#breadcrumb","itemListElement":[{"@type":"ListItem","position":1,"name":"Accueil","item":"https:\/\/www.lgc-sa.ch\/fr\/"},{"@type":"ListItem","position":2,"name":"Offre d&#8217;emplois"}]},{"@type":"WebSite","@id":"https:\/\/www.lgc-sa.ch\/fr\/#website","url":"https:\/\/www.lgc-sa.ch\/fr\/","name":"LGC SA","description":"Pour le bien-\u00eatre animal","publisher":{"@id":"https:\/\/www.lgc-sa.ch\/fr\/#organization"},"potentialAction":[{"@type":"SearchAction","target":{"@type":"EntryPoint","urlTemplate":"https:\/\/www.lgc-sa.ch\/fr\/?s={search_term_string}"},"query-input":{"@type":"PropertyValueSpecification","valueRequired":true,"valueName":"search_term_string"}}],"inLanguage":"fr-FR"},{"@type":"Organization","@id":"https:\/\/www.lgc-sa.ch\/fr\/#organization","name":"LGC SA","url":"https:\/\/www.lgc-sa.ch\/fr\/","logo":{"@type":"ImageObject","inLanguage":"fr-FR","@id":"https:\/\/www.lgc-sa.ch\/fr\/#\/schema\/logo\/image\/","url":"https:\/\/i0.wp.com\/www.lgc-sa.ch\/wp-content\/uploads\/2021\/08\/lgc_300-1.png?fit=300%2C105&ssl=1","contentUrl":"https:\/\/i0.wp.com\/www.lgc-sa.ch\/wp-content\/uploads\/2021\/08\/lgc_300-1.png?fit=300%2C105&ssl=1","width":300,"height":105,"caption":"LGC SA"},"image":{"@id":"https:\/\/www.lgc-sa.ch\/fr\/#\/schema\/logo\/image\/"},"sameAs":["https:\/\/www.facebook.com\/Altageneticssuisse"]}]}},"_links":{"self":[{"href":"https:\/\/www.lgc-sa.ch\/fr\/wp-json\/wp\/v2\/pages\/2695","targetHints":{"allow":["GET"]}}],"collection":[{"href":"https:\/\/www.lgc-sa.ch\/fr\/wp-json\/wp\/v2\/pages"}],"about":[{"href":"https:\/\/www.lgc-sa.ch\/fr\/wp-json\/wp\/v2\/types\/page"}],"author":[{"embeddable":true,"href":"https:\/\/www.lgc-sa.ch\/fr\/wp-json\/wp\/v2\/users\/1"}],"replies":[{"embeddable":true,"href":"https:\/\/www.lgc-sa.ch\/fr\/wp-json\/wp\/v2\/comments?post=2695"}],"version-history":[{"count":160,"href":"https:\/\/www.lgc-sa.ch\/fr\/wp-json\/wp\/v2\/pages\/2695\/revisions"}],"predecessor-version":[{"id":6409,"href":"https:\/\/www.lgc-sa.ch\/fr\/wp-json\/wp\/v2\/pages\/2695\/revisions\/6409"}],"wp:attachment":[{"href":"https:\/\/www.lgc-sa.ch\/fr\/wp-json\/wp\/v2\/media?parent=2695"}],"curies":[{"name":"wp","href":"https:\/\/api.w.org\/{rel}","templated":true}]}}